{"id":171,"date":"2023-06-29T18:58:02","date_gmt":"2023-06-29T21:58:02","guid":{"rendered":"https:\/\/sbop.com.br\/paciente\/?post_type=doenca&#038;p=171"},"modified":"2024-05-02T11:01:11","modified_gmt":"2024-05-02T14:01:11","slug":"ambliopia","status":"publish","type":"doenca","link":"https:\/\/sbop.com.br\/paciente\/doenca\/ambliopia\/","title":{"rendered":"AMBLIOPIA"},"content":{"rendered":"\n<h2 class=\"wp-block-heading\">O QUE \u00c9 AMBLIOPIA?&nbsp;&nbsp;&nbsp;&nbsp;&nbsp;<\/h2>\n\n\n\n<p>Tamb\u00e9m conhecida como \u201colho pregui\u00e7oso\u201d, ambliopia \u00e9 uma condi\u00e7\u00e3o na qual um ou ambos os olhos n\u00e3o apresentam boa vis\u00e3o mesmo com a presen\u00e7a de \u00f3culos. \u00c9 definida como uma diferen\u00e7a interocular de acuidade visual de 2 ou mais linhas e\/ou acuidade visual abaixo da esperada para a faixa et\u00e1ria. Trata-se da principal causa de perda visual na inf\u00e2ncia.<\/p>\n\n\n\n<h2 class=\"wp-block-heading\">O QUE CAUSA A AMBLIOPIA?<\/h2>\n\n\n\n<p>Qualquer condi\u00e7\u00e3o que impe\u00e7a o desenvolvimento adequado da vis\u00e3o ao<\/p>\n\n\n\n<p>longo da inf\u00e2ncia. Classificamos as causas em:<\/p>\n\n\n\n<ul class=\"wp-block-list\">\n<li>Refrativa: ocorre quando uma crian\u00e7a que precisa de \u00f3culos n\u00e3o os usa no in\u00edcio da inf\u00e2ncia;<\/li>\n\n\n\n<li>Estrab\u00edsmica: ocorre quando o c\u00e9rebro aprende a ignorar o olho \u201ctorto\u201d<\/li>\n\n\n\n<li>Por priva\u00e7\u00e3o: ocorre quando a luz \u00e9 impedida de atingir o olho, seja por altera\u00e7\u00e3o da p\u00e1lpebra (ptose), catarata cong\u00eanita ou cicatrizes na c\u00f3rnea.<\/li>\n<\/ul>\n\n\n\n<p>Diferentes fatores podem coexistir.<\/p>\n\n\n\n<h2 class=\"wp-block-heading\">COMO SABER SE MEU FILHO TEM AMBLIOPIA?\u00a0\u00a0\u00a0\u00a0\u00a0\u00a0\u00a0<\/h2>\n\n\n<div class=\"wp-bootstrap-blocks-row row\">\n\t\n\n<div class=\"col-12 col-md-3\">\n\t\t\t\n\n<figure class=\"wp-block-image size-full\"><img loading=\"lazy\" decoding=\"async\" width=\"295\" height=\"427\" src=\"https:\/\/sbop.com.br\/paciente\/wp-content\/uploads\/sites\/3\/2024\/04\/image-1.png\" alt=\"\" class=\"wp-image-968\" srcset=\"https:\/\/sbop.com.br\/paciente\/wp-content\/uploads\/sites\/3\/2024\/04\/image-1.png 295w, https:\/\/sbop.com.br\/paciente\/wp-content\/uploads\/sites\/3\/2024\/04\/image-1-207x300.png 207w\" sizes=\"auto, (max-width: 295px) 100vw, 295px\" \/><\/figure>\n\n\t<\/div>\n\n\n\n<div class=\"col-12 col-md-9\">\n\t\t\t\n\n<p>A ambliopia deve ser investigada ativamente porque as crian\u00e7as frequentemente n\u00e3o percebem a baixa vis\u00e3o. Para isso, s\u00e3o necess\u00e1rios exames e consultas peri\u00f3dicas com oftalmologista ao longo da inf\u00e2ncia:<\/p>\n\n\n\n<ul class=\"wp-block-list\">\n<li>Teste do reflexo vermelho: realizado pelo pediatra nas primeiras 72 horas de vida e repetido ao longo dos tr\u00eas primeiros anos;<\/li>\n\n\n\n<li><span style=\"color: initial;\">6 a 12 meses: primeira consulta com oftalmologista<\/span>;<\/li>\n\n\n\n<li>3 a 5 anos: nova avalia\u00e7\u00e3o com oftalmologista.<\/li>\n<\/ul>\n\n\n\n<p>Nas consultas, devem ser avaliados: acuidade visual, motilidade ocular (presen\u00e7a de estrabismo), reflexos pupilares, refra\u00e7\u00e3o (checar necessidade de uso de \u00f3culos), biomicroscopia anterior e mapeamento de retina. <\/p>\n\n\n\n<p>A periodicidade dos exames vai depender das altera\u00e7\u00f5es encontradas.<\/p>\n\n\t<\/div>\n\n<\/div>\n\n\n\n<h2 class=\"wp-block-heading\">QUANDO DEVE SER TRATADA?<\/h2>\n\n\n\n<p>A fim de atingir os melhores resultados visuais, o tratamento deve ser feito enquanto o sistema visual ainda est\u00e1 em desenvolvimento. Dessa forma, a ambliopia deve ser tratada o mais precocemente poss\u00edvel, preferencialmente antes dos 7 anos de idade.<\/p>\n\n\n\n<h2 class=\"wp-block-heading\">EXISTE IDADE LIMITE PARA TRATAMENTO?<\/h2>\n\n\n\n<p>Sabemos que os resultados s\u00e3o inferiores quando o tratamento \u00e9 iniciado em adolescentes de at\u00e9 14 anos. Por isso, o tratamento deve ser iniciado assim que a ambliopia for diagnosticada.<\/p>\n\n\n\n<h2 class=\"wp-block-heading\">COMO DEVE SER TRATADA?<\/h2>\n\n\n\n<p>Muitas vezes, apenas a prescri\u00e7\u00e3o dos \u00f3culos n\u00e3o \u00e9 suficiente para o<\/p>\n\n\n\n<p>tratamento da ambliopia, sendo necess\u00e1rio o uso de tamp\u00e3o ou col\u00edrio. Tanto o tamp\u00e3o quanto o col\u00edrio s\u00e3o utilizados no olho \u201cbom\u201d (olho de melhor vis\u00e3o), estimulando o desenvolvimento do outro olho.<\/p>\n\n\n\n<p>Al\u00e9m disso, para os casos de ambliopia por priva\u00e7\u00e3o, \u00e9 necess\u00e1rio o tratamento cir\u00fargico da causa base.<\/p>\n\n\n\n<h2 class=\"wp-block-heading\">QUANDO O COL\u00edRIO DEVE SER UTILIZADO?<\/h2>\n\n\n\n<p>Em vez de usar um tamp\u00e3o, \u00e0s vezes o olho mais forte (bom) pode ter sua vis\u00e3o emba\u00e7ada com col\u00edrios. Este tratamento (assim como o uso do tamp\u00e3o ocular) for\u00e7a o c\u00e9rebro a usar mais o olho mais fraco. O col\u00edrio mais comumente usado \u00e9 a atropina, que temporariamente aumenta a pupila (ponto escuro na parte colorida do olho) e torna a vis\u00e3o emba\u00e7ada no olho no qual foi aplicada.<\/p>\n\n\n\n<h2 class=\"wp-block-heading\">QUANDO O TAMP\u00c3O DEVE SER UTILIZADO?<\/h2>\n\n\n<div class=\"wp-bootstrap-blocks-row row\">\n\t\n\n<div class=\"col-12 col-md-6\">\n\t\t\t\n\n<figure class=\"wp-block-image size-full\"><img loading=\"lazy\" decoding=\"async\" width=\"350\" height=\"341\" src=\"https:\/\/sbop.com.br\/paciente\/wp-content\/uploads\/sites\/3\/2024\/04\/image-2.png\" alt=\"\" class=\"wp-image-969\" srcset=\"https:\/\/sbop.com.br\/paciente\/wp-content\/uploads\/sites\/3\/2024\/04\/image-2.png 350w, https:\/\/sbop.com.br\/paciente\/wp-content\/uploads\/sites\/3\/2024\/04\/image-2-300x292.png 300w\" sizes=\"auto, (max-width: 350px) 100vw, 350px\" \/><\/figure>\n\n\t<\/div>\n\n\n\n<div class=\"col-12 col-md-6\">\n\t\t\t\n\n<p>A aplica\u00e7\u00e3o de oclusores (tamp\u00f5es) \u00e9 um meio muito eficaz de tratar a ambliopia, pois permite que o olho mais fraco seja estimulado. Por\u00e9m n\u00e3o costuma ser f\u00e1cil, j\u00e1 que os pais ocluir\u00e3o o olho bom, o que ser\u00e1 desconfort\u00e1vel para a crian\u00e7a.<\/p>\n\n\n\n<p>Quanto mais jovem a crian\u00e7a, melhor o est\u00edmulo para melhorar a vis\u00e3o; portanto, os pais devem ser persistentes e encorajadores.<\/p>\n\n\t<\/div>\n\n<\/div>\n\n\n\n<h2 class=\"wp-block-heading\">EXISTEM OUTRAS FORMAS DE TRATAMENTO?<\/h2>\n\n\n\n<p>A terapia visual binocular no tratamento da ambliopia tem sido recentemente investigada, por\u00e9m como tratamento complementar e n\u00e3o substituto das terapias tradicionais. Exerc\u00edcios visuais, fisioterapia ocular ou uso aparelhos eletr\u00f4nicos n\u00e3o apresentam respaldo na literatura.<\/p>\n\n\n\n<h2 class=\"wp-block-heading\">QUAL O MELHOR TAMP\u00c3O?<\/h2>\n\n\n\n<p>Um oclusor com adesivo \u00e9 o melhor. O adesivo deve ser grande o suficiente para cobrir completamente o olho da crian\u00e7a para que n\u00e3o seja poss\u00edvel olhar por cima dele. \u00d3culos, quando prescritos, devem ser usados sobre o oclusor.<\/p>\n","protected":false},"featured_media":0,"template":"","class_list":["post-171","doenca","type-doenca","status-publish","hentry"],"acf":[],"_links":{"self":[{"href":"https:\/\/sbop.com.br\/paciente\/wp-json\/wp\/v2\/doenca\/171","targetHints":{"allow":["GET"]}}],"collection":[{"href":"https:\/\/sbop.com.br\/paciente\/wp-json\/wp\/v2\/doenca"}],"about":[{"href":"https:\/\/sbop.com.br\/paciente\/wp-json\/wp\/v2\/types\/doenca"}],"wp:attachment":[{"href":"https:\/\/sbop.com.br\/paciente\/wp-json\/wp\/v2\/media?parent=171"}],"curies":[{"name":"wp","href":"https:\/\/api.w.org\/{rel}","templated":true}]}}