{"id":183,"date":"2023-06-29T19:03:48","date_gmt":"2023-06-29T22:03:48","guid":{"rendered":"https:\/\/sbop.com.br\/paciente\/?post_type=doenca&#038;p=183"},"modified":"2023-08-09T12:33:50","modified_gmt":"2023-08-09T15:33:50","slug":"cirurgia-de-estrabismo","status":"publish","type":"doenca","link":"https:\/\/sbop.com.br\/paciente\/doenca\/cirurgia-de-estrabismo\/","title":{"rendered":"CIRURGIA DE ESTRABISMO"},"content":{"rendered":"\n<h2 class=\"wp-block-heading\">COMO FUNCIONA A CIRURGIA DE ESTRABISMO?<\/h2>\n\n\n\n<p>&nbsp;&nbsp;&nbsp;&nbsp;&nbsp;&nbsp;&nbsp;&nbsp;&nbsp;&nbsp;&nbsp; A cirurgia do estrabismo relaxa ou tensiona os m\u00fasculos extraoculares, alterando o alinhamento de em um olho em rela\u00e7\u00e3o ao outro.<\/p>\n\n\n\n<h2 class=\"wp-block-heading\">QUE TIPO DE ANESTESIA \u00c9 USADA PARA A CIRURGIA DE ESTRABISMO?<\/h2>\n\n\n\n<p>&nbsp;&nbsp;&nbsp;&nbsp;&nbsp;&nbsp;&nbsp;&nbsp;&nbsp;&nbsp;&nbsp; O tipo de anestesia depende da idade e sa\u00fade do paciente, bem como da prefer\u00eancia do paciente\/ cirurgi\u00e3o. A maioria das crian\u00e7as \u00e9 submetida a anestesia geral. Os adultos podem ter anestesia geral ou seda\u00e7\u00e3o com anestesia local. O procedimento pode ocorrer em um hospital ou centro cir\u00fargico. O procedimento geralmente \u00e9 realizado em hospital-dia (os pacientes n\u00e3o ficam durante a noite na unidade).<\/p>\n\n\n\n<h2 class=\"wp-block-heading\">COMO O CIRURGI\u00c3O ACESSA OS M\u00daSCULOS OCULARES?<\/h2>\n\n\n\n<p>&nbsp;&nbsp;&nbsp;&nbsp;&nbsp;&nbsp;&nbsp;&nbsp;&nbsp;&nbsp;&nbsp; As p\u00e1lpebras s\u00e3o mantidas abertas por um esp\u00e9culo. Como os m\u00fasculos oculares s\u00e3o recobertos por uma fina camada de tecido transparente chamada conjuntiva, o cirurgi\u00e3o faz uma abertura nesta estrutura para acessar o (s) m\u00fasculo (s) do olho e usa pequenos instrumentos para isol\u00e1-lo e mudar sua posi\u00e7\u00e3o. N\u00e3o s\u00e3o feitas cortes na pele e o globo ocular N\u00c3O \u00e9 removido da cavidade ocular durante a cirurgia de estrabismo.<\/p>\n\n\n\n<h2 class=\"wp-block-heading\">O QUE \u00c9 UM RETROCESSO \/ RECUO DE UM M\u00daSCULO?<\/h2>\n\n\n\n<p>\u00a0\u00a0\u00a0\u00a0\u00a0\u00a0\u00a0\u00a0\u00a0\u00a0\u00a0 Um retrocesso enfraquece a fun\u00e7\u00e3o muscular, atrav\u00e9s da altera\u00e7\u00e3o do local de fixa\u00e7\u00e3o do m\u00fasculo no globo ocular. Depois que o m\u00fasculo \u00e9 identificado, uma sutura \u00e9 colocada atrav\u00e9s do m\u00fasculo no novo local de fixa\u00e7\u00e3o do olho (Figura 1).<\/p>\n\n\n\n<figure class=\"wp-block-gallery has-nested-images columns-default is-cropped wp-block-gallery-1 is-layout-flex wp-block-gallery-is-layout-flex\">\n<figure class=\"wp-block-image size-large\"><img loading=\"lazy\" decoding=\"async\" width=\"336\" height=\"311\" data-id=\"579\" src=\"https:\/\/sbop.com.br\/paciente\/wp-content\/uploads\/sites\/3\/2023\/08\/cirurgia-estrabismo.png\" alt=\"\" class=\"wp-image-579\" srcset=\"https:\/\/sbop.com.br\/paciente\/wp-content\/uploads\/sites\/3\/2023\/08\/cirurgia-estrabismo.png 336w, https:\/\/sbop.com.br\/paciente\/wp-content\/uploads\/sites\/3\/2023\/08\/cirurgia-estrabismo-300x278.png 300w\" sizes=\"auto, (max-width: 336px) 100vw, 336px\" \/><\/figure>\n<\/figure>\n\n\n\n<p>Figura 1: Esquema ilustrando o retrocesso do m\u00fasculo extraocular.<\/p>\n\n\n\n<h2 class=\"wp-block-heading\">O QUE \u00c9 UMA RESSEC\u00c7\u00c3O DE UM M\u00daSCULO?<\/h2>\n\n\n\n<p>\u00a0\u00a0\u00a0\u00a0\u00a0\u00a0\u00a0\u00a0\u00a0\u00a0\u00a0 Uma ressec\u00e7\u00e3o fortalece a fun\u00e7\u00e3o muscular, a partir do encurtamento do m\u00fasculo (um peda\u00e7o do corpo muscular \u00e9 retirado) e sua reinser\u00e7\u00e3o na sua posi\u00e7\u00e3o original; assim ele fica menos el\u00e1stico e ganha for\u00e7a (Figura 2).<\/p>\n\n\n\n<figure class=\"wp-block-gallery has-nested-images columns-default is-cropped wp-block-gallery-2 is-layout-flex wp-block-gallery-is-layout-flex\">\n<figure class=\"wp-block-image size-large\"><img loading=\"lazy\" decoding=\"async\" width=\"336\" height=\"300\" data-id=\"580\" src=\"https:\/\/sbop.com.br\/paciente\/wp-content\/uploads\/sites\/3\/2023\/08\/cirurgia-estrabismo-2.png\" alt=\"\" class=\"wp-image-580\" srcset=\"https:\/\/sbop.com.br\/paciente\/wp-content\/uploads\/sites\/3\/2023\/08\/cirurgia-estrabismo-2.png 336w, https:\/\/sbop.com.br\/paciente\/wp-content\/uploads\/sites\/3\/2023\/08\/cirurgia-estrabismo-2-300x268.png 300w\" sizes=\"auto, (max-width: 336px) 100vw, 336px\" \/><\/figure>\n<\/figure>\n\n\n\n<p>Figura 2: Esquema ilustrando a ressec\u00e7\u00e3o do m\u00fasculo extraocular.<\/p>\n\n\n\n<h2 class=\"wp-block-heading\">OS OLHOS FICAM VERMELHOS AP\u00d3S A CIRURGIA DE ESTRABISMO?<\/h2>\n\n\n\n<p>&nbsp;&nbsp;&nbsp;&nbsp;&nbsp;&nbsp;&nbsp;&nbsp;&nbsp;&nbsp;&nbsp; Sim. \u00c9 normal que a parte branca dos olhos fique vermelha ap\u00f3s a cirurgia e pode levar v\u00e1rias semanas ou ocasionalmente meses para que a vermelhid\u00e3o desapare\u00e7a. Pode ocorrer dor leve tamb\u00e9m ap\u00f3s a cirurgia, que deve melhorar na primeira semana.<\/p>\n\n\n\n<h2 class=\"wp-block-heading\">QUE MEDICAMENTO \u00c9 UTILIZADO AP\u00d3S A CIRURGIA?<\/h2>\n\n\n\n<p>&nbsp;&nbsp;&nbsp;&nbsp;&nbsp;&nbsp;&nbsp;&nbsp;&nbsp;&nbsp;&nbsp; Os pacientes usam col\u00edrios de associa\u00e7\u00e3o de antibi\u00f3ticos \/ esteroides ap\u00f3s a cirurgia. Medicamentos para dor podem ser prescritos, mas geralmente n\u00e3o s\u00e3o necess\u00e1rios.<\/p>\n\n\n\n<p>Fonte: https:\/\/aapos.org\/glossary\/strabismus-surgery<\/p>\n","protected":false},"featured_media":0,"template":"","class_list":["post-183","doenca","type-doenca","status-publish","hentry"],"acf":[],"_links":{"self":[{"href":"https:\/\/sbop.com.br\/paciente\/wp-json\/wp\/v2\/doenca\/183","targetHints":{"allow":["GET"]}}],"collection":[{"href":"https:\/\/sbop.com.br\/paciente\/wp-json\/wp\/v2\/doenca"}],"about":[{"href":"https:\/\/sbop.com.br\/paciente\/wp-json\/wp\/v2\/types\/doenca"}],"wp:attachment":[{"href":"https:\/\/sbop.com.br\/paciente\/wp-json\/wp\/v2\/media?parent=183"}],"curies":[{"name":"wp","href":"https:\/\/api.w.org\/{rel}","templated":true}]}}