{"id":1441,"date":"2026-03-06T14:12:37","date_gmt":"2026-03-06T17:12:37","guid":{"rendered":"https:\/\/sbop.com.br\/paciente\/?post_type=sbopcast&#038;p=1441"},"modified":"2026-03-06T14:12:38","modified_gmt":"2026-03-06T17:12:38","slug":"ep-102-trauma-ocular-na-infancia-o-que-voce-precisa-saber","status":"publish","type":"sbopcast","link":"https:\/\/sbop.com.br\/paciente\/sbopcast\/ep-102-trauma-ocular-na-infancia-o-que-voce-precisa-saber\/","title":{"rendered":"#EP 102 &#8211; Trauma Ocular na Inf\u00e2ncia: O que voc\u00ea precisa saber?"},"content":{"rendered":"\n<figure class=\"wp-block-image size-large is-resized is-style-rounded\"><img decoding=\"async\" src=\"https:\/\/sbop.com.br\/wp-content\/uploads\/Licia-Matieli.png\" alt=\"O atributo alt desta imagem est\u00e1 vazio. O nome do arquivo \u00e9 WhatsApp-Image-2025-06-18-at-7.18.08-PM-e1751032716397.jpeg\" style=\"width:298px\"\/><\/figure>\n\n\n\n<p class=\"mt-3\"><strong>Convidada: <\/strong>Dra. Licia Matieli<\/p>\n\n\n\n<ul class=\"wp-block-list\">\n<li>Graduada em Medicina pela Universidade Federal Fluminense -UFF<\/li>\n\n\n\n<li>Resid\u00eancia M\u00e9dica, Fellowship em Retina e V\u00edtreo e Doutoradopela Escola Paulista de Medicina -UNIFESP<\/li>\n\n\n\n<li>M\u00e9dica Assistente do PS de Oftalmologia do HSP de 2004 a2022<\/li>\n\n\n\n<li>M\u00e9dica Preceptora do Setor de Retina e V\u00edtreo do Hospital doServidor Estadual &#8211; IAMSPE &#8211; (oftalmologista respons\u00e1vel pelas visitas UTIneonatal) desde 2008<\/li>\n<\/ul>\n\n\n\n<p><strong>Apresentadora:<\/strong> Dra. Christiane Rolim de Moura<\/p>\n\n\n\n<p>No Epis\u00f3dio de hoje recebemos a Dra Licia Matieli que nosconta de forma super completa o que o oftalmopediatra precisa saber sobretrauma ocular na inf\u00e2ncia: Relev\u00e2ncia, classifica\u00e7\u00f5es, como fazer um exame completo, como suspeitar de v\u00edtimas de abuso, progn\u00f3stico e muito mais!<\/p>\n\n\n\n<h4 class=\"wp-block-heading\">T\u00f3picos a serem discutidos \u2013 MINUTAGEM<\/h4>\n\n\n\n<ul class=\"wp-block-list\">\n<li>Introdu\u00e7\u00e3o <strong>(00:17)<\/strong><\/li>\n\n\n\n<li>Qual a relev\u00e2ncia do trauma na inf\u00e2ncia? <strong>(1:46)<\/strong><\/li>\n\n\n\n<li>Como \u00e9 a epidemiologia e como voc\u00ea classifica asurg\u00eancias por trauma? <strong>(4:40)<\/strong><\/li>\n\n\n\n<li>Poderia falar um pouco sobre n\u00fameros de trauma nainf\u00e2ncia? <strong>(9:00)<\/strong><\/li>\n\n\n\n<li>Como voc\u00ea examina esses pacientes e o que \u00e9 imprescind\u00edvel? <strong>(10:30)<\/strong><\/li>\n\n\n\n<li>Quando suspeitar de v\u00edtimas de abuso ou maustratos? <strong>(13:37)<\/strong><\/li>\n\n\n\n<li>E sobre os hifemas, o que precisamos saber? <strong>(19:55)<\/strong><\/li>\n\n\n\n<li>Existe alguma classifica\u00e7\u00e3o que defineprognostico e como essa crian\u00e7a \u00e9 acompanhada?<strong> (26:21)<\/strong><\/li>\n\n\n\n<li>E sobre corpo estranho intra-ocular? <strong>(28:30)<\/strong><\/li>\n\n\n\n<li>Poderia falar sobre queimaduras oculares? <strong>(31:53)<\/strong><\/li>\n\n\n\n<li>Conclus\u00f5es <strong>(40:50)<\/strong><\/li>\n<\/ul>\n","protected":false},"featured_media":1442,"template":"","class_list":["post-1441","sbopcast","type-sbopcast","status-publish","has-post-thumbnail","hentry"],"acf":[],"_links":{"self":[{"href":"https:\/\/sbop.com.br\/paciente\/wp-json\/wp\/v2\/sbopcast\/1441","targetHints":{"allow":["GET"]}}],"collection":[{"href":"https:\/\/sbop.com.br\/paciente\/wp-json\/wp\/v2\/sbopcast"}],"about":[{"href":"https:\/\/sbop.com.br\/paciente\/wp-json\/wp\/v2\/types\/sbopcast"}],"wp:featuredmedia":[{"embeddable":true,"href":"https:\/\/sbop.com.br\/paciente\/wp-json\/wp\/v2\/media\/1442"}],"wp:attachment":[{"href":"https:\/\/sbop.com.br\/paciente\/wp-json\/wp\/v2\/media?parent=1441"}],"curies":[{"name":"wp","href":"https:\/\/api.w.org\/{rel}","templated":true}]}}